{"id":7,"date":"2017-02-06T19:17:19","date_gmt":"2017-02-06T19:17:19","guid":{"rendered":"http:\/\/www.ecbservices.hu\/SzentesiFociTortenelem\/?page_id=7"},"modified":"2021-11-22T06:37:42","modified_gmt":"2021-11-22T06:37:42","slug":"kezdolap","status":"publish","type":"page","link":"https:\/\/www.ecbservices.hu\/SzentesiFociTortenelem\/","title":{"rendered":""},"content":{"rendered":"<p style=\"text-align: left;\"><span style=\"font-size: 14pt; color: #800000;\"><strong>A felvitt anyagok megn\u00e9z\u00e9s\u00e9hez katt a fenti men\u00fcsorban az adott \u00e9vre!<\/strong><\/span><\/p>\n<p>Folyik a megl\u00e9v\u0151 anyagok felt\u00f6lt\u00e9se &#8211; persze az \u00f6nk\u00e9ntes munk\u00e1nak megfelel\u0151 ritmusban &#8211; lassan, de ann\u00e1l bizonytalanabbul! Vannak m\u00e9g id\u0151szakok, amikor nem tekinthet\u0151 teljesnek alapszinten sem a sz\u00e1mvet\u00e9s.<br \/>\nHosszabb t\u00e1von \u00e1ltal\u00e1ban az utols\u00f3 10 \u00e9vvel m\u00e1r nem foglalkozna a honlap, arr\u00f3l rengeteg inf\u00f3 tal\u00e1lhat\u00f3 a friss online kiadv\u00e1nyokban, p\u00e9ld\u00e1ul most a <a href=\"https:\/\/www.szentesimozaik.hu\/\"><strong>Szentesi Mozaik<\/strong><\/a>ban.<\/p>\n<p><img loading=\"lazy\" decoding=\"async\" class=\" wp-image-122 alignleft\" src=\"http:\/\/www.ecbservices.hu\/SzentesiFociTortenelem\/wp-content\/uploads\/2020\/06\/0MakraZ.jpg\" alt=\"\" width=\"123\" height=\"175\" \/>A m\u00falt id\u0151rendi sz\u00e1mvet\u00e9se &#8211; \u00e1lland\u00f3an b\u0151v\u00fcl\u0151 online k\u00f6nyv form\u00e1j\u00e1ban.<br \/>\n<span style=\"color: #008080;\">K\u00f6sz\u00f6net a hozz\u00e1j\u00e1rul\u00e1s\u00e9rt &#8211; a teljess\u00e9g ig\u00e9nye n\u00e9lk\u00fcl: Bodn\u00e1r J\u00e1nosnak, Boros <img loading=\"lazy\" decoding=\"async\" class=\"alignright wp-image-125\" src=\"http:\/\/www.ecbservices.hu\/SzentesiFociTortenelem\/wp-content\/uploads\/2020\/06\/0TimarFeri-251x300.jpg\" alt=\"\" width=\"120\" height=\"143\" srcset=\"https:\/\/www.ecbservices.hu\/SzentesiFociTortenelem\/wp-content\/uploads\/2020\/06\/0TimarFeri-251x300.jpg 251w, https:\/\/www.ecbservices.hu\/SzentesiFociTortenelem\/wp-content\/uploads\/2020\/06\/0TimarFeri.jpg 300w\" sizes=\"auto, (max-width: 120px) 85vw, 120px\" \/>Istv\u00e1nnak, Fodor S\u00e1ndornak, Garai Sz. Imr\u00e9nek, Guly\u00e1s Zolt\u00e1nnak, Guly\u00e1s Zsoltnak, K\u00e1d\u00e1r J\u00f3zsefnek, Kov\u00e1cs J\u00e1nosnak, Makra Zolt\u00e1nnak, M\u00e1rt\u00e9 L\u00e1szl\u00f3nak, Szab\u00f3 Ilinek, Szil\u00e1gyi Imr\u00e9nek, Tim\u00e1r Ferencnek, V\u00e1gv\u00f6lgyi Zolt\u00e1nnak \u00e9s persze a <strong><a style=\"color: #008080;\" href=\"https:\/\/www.facebook.com\/groups\/234954403603104\/\">Facebook csoport<\/a><\/strong> valamennyi tagj\u00e1nak.<\/span><\/p>\n<p><span style=\"color: #800000;\"><strong>FONTOS!! Az oldalon megjelen\u00edtett anyagok z\u00f6me m\u00e1sok tulajdon\u00e1t k\u00e9pezi. B\u00e1rmilyen tov\u00e1bb-felhaszn\u00e1l\u00e1s megfelel\u0151 forr\u00e1smegjel\u00f6l\u00e9ssel, alkalmank\u00e9nt az \u00e9rintettek enged\u00e9ly\u00e9vel!<\/strong><\/span><\/p>\n<p><img loading=\"lazy\" decoding=\"async\" class=\"alignright wp-image-147\" src=\"http:\/\/www.ecbservices.hu\/SzentesiFociTortenelem\/wp-content\/uploads\/2021\/11\/GaraiSzaboImre150.jpg\" alt=\"\" width=\"110\" height=\"110\" \/>Az oldal els\u0151 v\u00e1ltozat\u00e1nak \u00f6ssze\u00e1ll\u00edt\u00e1s\u00e1ban hatalmas seg\u00edts\u00e9get ny\u00fajtott <strong>Garai Szab\u00f3 Imre 138 oldalas gy\u0171jt\u00e9se<\/strong>, saj\u00e1t bevall\u00e1sa szerint k\u00e9t \u00e9v lev\u00e9lt\u00e1ri porsz\u00edv\u00e1s (let\u00fcd\u0151z\u0151s m\u00f3dszerrel) eredm\u00e9nye. Ebben a m\u0171ben rengeteg forr\u00e1sanyag \u00e9s hivatkoz\u00e1s tal\u00e1lhat\u00f3, mely a rendszerez\u00e9s alapj\u00e1n tov\u00e1bbi anyagok gy\u0171jt\u00e9s\u00e9hez \u00f3ri\u00e1si seg\u00edts\u00e9get ny\u00fajt. Hajr\u00e1 teh\u00e1t, akinek van ideje, billenty\u0171zete &#8211; folytassa ezt a munk\u00e1t \u00e9s adja k\u00f6zre, hogy ideker\u00fclhessen mindenki \u00f6r\u00f6m\u00e9re!<br \/>\n<a href=\"\/SzentesiFociTortenelem\/wp-content\/uploads\/2021\/11\/GaraiSzaboImre-ASzentesiKinizsi-SZITE-tortenete2005.pdf\"><img loading=\"lazy\" decoding=\"async\" class=\" wp-image-150 alignnone\" src=\"http:\/\/www.ecbservices.hu\/SzentesiFociTortenelem\/wp-content\/uploads\/2021\/11\/20050000GSZI-SZITE500-300x77.jpg\" alt=\"\" width=\"304\" height=\"78\" srcset=\"https:\/\/www.ecbservices.hu\/SzentesiFociTortenelem\/wp-content\/uploads\/2021\/11\/20050000GSZI-SZITE500-300x77.jpg 300w, https:\/\/www.ecbservices.hu\/SzentesiFociTortenelem\/wp-content\/uploads\/2021\/11\/20050000GSZI-SZITE500.jpg 500w\" sizes=\"auto, (max-width: 304px) 85vw, 304px\" \/><\/a>Hasonl\u00f3an az anyagok rendszerez\u00e9sben a szint\u00e9n sok munk\u00e1val 2006-ban l\u00e9trehozott<strong> Nagy szentesi sportk\u00f6nyv<\/strong> hasonl\u00f3 seg\u00edts\u00e9get ny\u00fajtott, \u00e9s m\u00e9g fog is sok\u00e1ig a labdar\u00fag\u00e1sra vonatkoz\u00f3 r\u00e9sz.<br \/>\n<a href=\"https:\/\/bookline.hu\/product\/home.action?_v=Bodrits_Istvan_szerk_Nagy_szentesi_sportkonyv&amp;id=2101316770&amp;type=10\"><img loading=\"lazy\" decoding=\"async\" class=\"alignright size-medium wp-image-151\" src=\"http:\/\/www.ecbservices.hu\/SzentesiFociTortenelem\/wp-content\/uploads\/2021\/11\/NagySzentesiSportkonyv2006-300-221x300.jpg\" alt=\"\" width=\"221\" height=\"300\" srcset=\"https:\/\/www.ecbservices.hu\/SzentesiFociTortenelem\/wp-content\/uploads\/2021\/11\/NagySzentesiSportkonyv2006-300-221x300.jpg 221w, https:\/\/www.ecbservices.hu\/SzentesiFociTortenelem\/wp-content\/uploads\/2021\/11\/NagySzentesiSportkonyv2006-300.jpg 300w\" sizes=\"auto, (max-width: 221px) 85vw, 221px\" \/><\/a>Mindenk\u00e9ppen sz\u00f3t kell ejteni a k\u00f6nyvl\u00e9trehoz\u00f3ir\u00f3l, <strong>Bodrits Istv\u00e1nr\u00f3l, Makra Zolt\u00e1n<\/strong>r\u00f3l \u00e9s mindenkir\u0151l, aki bedolgozott a l\u00e9trehoz\u00e1s\u00e1ba: <strong>Abonyi J\u00e1nos, Benk\u0151 J\u00e1nos, Bogn\u00e1r Attila, Boros Istv\u00e1n, Cs\u00e1nyi J\u00f3zsef, Dobos L\u00e1szl\u00f3, D\u00f3czi Erzs\u00e9bet, F\u00fcsti Moln\u00e1r Lajos, Hal\u00e1sz Szab\u00f3 Antal, H\u00f3di J\u00f3zsef, G. Szab\u00f3 Lenke, K\u00e1d\u00e1r J\u00f3zsef, Kis-R\u00e1cz Antaln\u00e9, Dr. Kis T\u00f3th Tiham\u00e9r, Kozma Andr\u00e1s, Dr. Makay Andor, ifj. Mok\u00e1ny Ferenc, Dr. Moln\u00e1r Gyula, Szab\u00f3 L\u00e1szl\u00f3, Szak\u00e1cs Ern\u0151, Szirbik Imre, Sz\u0171cs Ildik\u00f3, Tajnai D\u00f3ra, Tim\u00e1r Ferenc, T\u00f3th Istv\u00e1n, Vir\u00e1gh Istv\u00e1n, Vidovics Ferenc, Wittmann J\u00e1nos, Z\u00f6ldi J\u00f3zsef<\/strong><br \/>\nNem lehet sz\u00f3 n\u00e9lk\u00fcl elmenni a mellett a jelens\u00e9g mellett, hogy a k\u00f6nyv form\u00e1tum l\u00e9trehoz\u00e1sa ritk\u00e1n gazdas\u00e1gos, ezt ez a k\u00f6nyv is bizony\u00edtotta, ami r\u00e9g\u00f3ta h\u00faz\u00f3d\u00f3 elsz\u00e1mol\u00e1si vita form\u00e1j\u00e1ban \u00e9l a k\u00e9sz\u00edt\u0151k k\u00f6z\u00f6tt.<br \/>\nEtt\u0151l f\u00fcggetlen\u00fcl, aki teheti, vegye meg! A bor\u00edt\u00f3ra kattintva egy rendel\u00e9si lehet\u0151s\u00e9ghez lehet jutni.<\/p>\n<p>\u00c9s mi lehet a j\u00f6v\u0151? B\u0151v\u00fcl\u00e9s, persze olyan \u00fctemben, ahogy emberek, amb\u00edci\u00f3k, \u00e9rdekl\u0151d\u00e9sek lehet\u0151v\u00e9 teszik &#8211; de az internet korl\u00e1tlans\u00e1ga miatt ak\u00e1rmeddig.<br \/>\nItt \u00f6sszehozni, amit csak lehet, m\u00e1r k\u00f6zben saj\u00e1t \u00f6r\u00f6m\u00fcnkre.<br \/>\n&#8211; el\u0151sz\u00f6r is min\u00e9l t\u00f6bb \u00e9rintettet behozni a <strong><a href=\"https:\/\/www.facebook.com\/groups\/234954403603104\">Facebook csoportba<\/a><\/strong> &#8211; k\u00e9rlek javasolj\u00e1tok a tov\u00e1bbi tagokat<br \/>\n&#8211; felrakni min\u00e9l t\u00f6bb anyagot, a b\u00e1trabbak maguk, ld. a Facebookon\u00a0legalul a k\u00e9pes \u00fatmutat\u00f3t &#8211; a szervez\u00e9si fon\u00e1l az id\u0151rend &#8211; t\u00edz \u00e9ves blokkokban gy\u0171lhetnek az anyagok &#8211; mapp\u00e1n bel\u00fcl van lehet\u0151s\u00e9g id\u0151sorrendbe rakni a fot\u00f3kat. A kev\u00e9sb\u00e9 b\u00e1trabbaknak a b\u00e1trak seg\u00edthetnek, v\u00e9gs\u0151 soron \u00e9n, mint adminisztr\u00e1tor<br \/>\n&#8211; kutatni anyagot &#8211; r\u00e9gi szentesi \u00fajs\u00e1gok, pl. itt sok minden megtal\u00e1lhat\u00f3 <a href=\"http:\/\/ekonyvtar.vksz.hu\/jadox\/portal\/browser.psml#result_anchor\">http:\/\/ekonyvtar.vksz.hu\/jadox\/portal\/browser.psml#result_anchor<\/a> , csak id\u0151ig\u00e9nyes a kib\u00e1ny\u00e1sz\u00e1s<br \/>\n&#8211; a gy\u0171l\u0151 anyagot erre a honlapra tudjuk rendszerezni, a Facebookkal szemben az el\u0151nye, hogy minden a mi birtokunkban van, nem korl\u00e1tozza le a felbont\u00e1sokat \u00e9s direkt let\u00f6lthet\u0151 b\u00e1rmi b\u00e1rkinek, ami a fennmarad\u00e1shoz fontos!<br \/>\n&#8211; utols\u00f3 f\u00e1zis lehet ebb\u0151l k\u00f6nyv, de ez nem l\u00e9tsz\u00fcks\u00e9glet \u00e9s ingov\u00e1nyos talaj &#8211; sokkal fontosabb, hogy mindenki sz\u00e1m\u00e1ra el\u00e9rhet\u0151 legyen ami \u00f6sszegy\u0171lt, min\u00e9l t\u00f6bben t\u00f6lts\u00e9k le, \u0151rizz\u00e9k meg \u00a0&#8211; ez az \u00f6nk\u00e9ntes munk\u00e1sok ars poetica-\u00e1ja! Persze a felhaszn\u00e1l\u00e1s sor\u00e1n a forr\u00e1smegjel\u00f6l\u00e9s fontos, hiszen att\u00f3l, hogy felhaszn\u00e1lunk egy anyagot, m\u00e9g nem v\u00e1lik a tulajdonunkk\u00e1!<\/p>\n","protected":false},"excerpt":{"rendered":"<p>A felvitt anyagok megn\u00e9z\u00e9s\u00e9hez katt a fenti men\u00fcsorban az adott \u00e9vre! Folyik a megl\u00e9v\u0151 anyagok felt\u00f6lt\u00e9se &#8211; persze az \u00f6nk\u00e9ntes munk\u00e1nak megfelel\u0151 ritmusban &#8211; lassan, de ann\u00e1l bizonytalanabbul! Vannak m\u00e9g id\u0151szakok, amikor nem tekinthet\u0151 teljesnek alapszinten sem a sz\u00e1mvet\u00e9s. Hosszabb t\u00e1von \u00e1ltal\u00e1ban az utols\u00f3 10 \u00e9vvel m\u00e1r nem foglalkozna a honlap, arr\u00f3l rengeteg inf\u00f3 tal\u00e1lhat\u00f3 &hellip; <a href=\"https:\/\/www.ecbservices.hu\/SzentesiFociTortenelem\/\" class=\"more-link\"><span class=\"screen-reader-text\">&#8222;&#8221;<\/span> b\u0151vebben<\/a><\/p>\n","protected":false},"author":1,"featured_media":0,"parent":0,"menu_order":0,"comment_status":"closed","ping_status":"closed","template":"","meta":{"footnotes":""},"class_list":["post-7","page","type-page","status-publish","hentry"],"_links":{"self":[{"href":"https:\/\/www.ecbservices.hu\/SzentesiFociTortenelem\/wp-json\/wp\/v2\/pages\/7","targetHints":{"allow":["GET"]}}],"collection":[{"href":"https:\/\/www.ecbservices.hu\/SzentesiFociTortenelem\/wp-json\/wp\/v2\/pages"}],"about":[{"href":"https:\/\/www.ecbservices.hu\/SzentesiFociTortenelem\/wp-json\/wp\/v2\/types\/page"}],"author":[{"embeddable":true,"href":"https:\/\/www.ecbservices.hu\/SzentesiFociTortenelem\/wp-json\/wp\/v2\/users\/1"}],"replies":[{"embeddable":true,"href":"https:\/\/www.ecbservices.hu\/SzentesiFociTortenelem\/wp-json\/wp\/v2\/comments?post=7"}],"version-history":[{"count":41,"href":"https:\/\/www.ecbservices.hu\/SzentesiFociTortenelem\/wp-json\/wp\/v2\/pages\/7\/revisions"}],"predecessor-version":[{"id":152,"href":"https:\/\/www.ecbservices.hu\/SzentesiFociTortenelem\/wp-json\/wp\/v2\/pages\/7\/revisions\/152"}],"wp:attachment":[{"href":"https:\/\/www.ecbservices.hu\/SzentesiFociTortenelem\/wp-json\/wp\/v2\/media?parent=7"}],"curies":[{"name":"wp","href":"https:\/\/api.w.org\/{rel}","templated":true}]}}